{"id":43,"date":"2020-07-16T14:59:00","date_gmt":"2020-07-16T12:59:00","guid":{"rendered":"https:\/\/preview.bkux.com\/en\/?page_id=43"},"modified":"2025-10-22T19:32:37","modified_gmt":"2025-10-22T17:32:37","slug":"publications","status":"publish","type":"page","link":"https:\/\/bkux.com\/en\/publications\/","title":{"rendered":"Publications"},"content":{"rendered":"\n<p>Here is a selection of publications by, with, or about Barbara Kux, in chronological order, in English or German. Some of them are click to download, others are linked.<\/p>\n\n\n\n<hr class=\"wp-block-separator has-css-opacity\"\/>\n\n\n\n<h3 class=\"wp-block-heading\">\u201cBoard leadership in the eye of the storm\u201c (KPMG Switzerland)<\/h3>\n\n\n\n<p>How are artificial intelligence, sustainability and diversity influencing corporate governance? Interview by Professor Dr. Reto Eberle, partner, member of the department of professional practice, KPMG Switzerland, with Barbara Kux on current strategic board room issues.<\/p>\n\n\n\n<p><strong>Interview, 2025<\/strong><\/p>\n\n\n\n<div class=\"wp-block-buttons is-layout-flex wp-block-buttons-is-layout-flex\">\n<div class=\"wp-block-button is-style-outline is-style-outline--1\"><a class=\"wp-block-button__link has-text-color wp-element-button\" href=\"https:\/\/kpmg.com\/ch\/en\/insights\/executives-board-members\/board-leadership-center\/interview-barbara-kux.html\" style=\"border-radius:5px;color:#40a680\" target=\"_blank\" rel=\"noreferrer noopener\">External link<\/a><\/div>\n<\/div>\n\n\n\n<hr class=\"wp-block-separator has-alpha-channel-opacity\"\/>\n\n\n\n<h3 class=\"wp-block-heading\">\u201eNach drei Jahren sieht man die Resultate, nach f\u00fcnf Jahren, ob sie auch nachhaltig sind\u201c (Neue Z\u00fcrcher Zeitung)<\/h3>\n\n\n\n<p>Interview (in German) with Barbara Kux on the occasion of receiving the SEF.WomenAward 2024 by the Swiss Economic Forum on 8 March 2024, International Women&#8217;s Day.<\/p>\n\n\n\n<p><strong>Interview, 202<\/strong>4<\/p>\n\n\n\n<p><\/p>\n\n\n\n<div class=\"wp-block-buttons is-layout-flex wp-block-buttons-is-layout-flex\">\n<div class=\"wp-block-button is-style-outline is-style-outline--2\"><a class=\"wp-block-button__link has-text-color wp-element-button\" href=\"https:\/\/bkux.com\/wp-content\/uploads\/2024\/03\/Neue-Zurcher-Zeitung-8.-Marz-2024-Seite-37.pdf\" style=\"border-radius:5px;color:#40a680\">PDF<\/a><\/div>\n\n\n\n<div class=\"wp-block-button is-style-outline is-style-outline--3\"><a class=\"wp-block-button__link has-text-color wp-element-button\" href=\"https:\/\/www.nzz.ch\/themen-dossiers\/frauen-der-wirtschaft\/nach-drei-jahren-sieht-man-die-resultate-nach-fuenf-jahren-ob-sie-auch-nachhaltig-sind-ld.1821075\" style=\"border-radius:5px;color:#40a680\" target=\"_blank\" rel=\"noreferrer noopener\">External link<\/a><\/div>\n<\/div>\n\n\n\n<hr class=\"wp-block-separator has-alpha-channel-opacity\"\/>\n\n\n\n<h3 class=\"wp-block-heading\">&#8220;Great potential, positive results and exciting tasks&#8221;<\/h3>\n\n\n\n<p>The Embassy of Switzerland in Germany asked Barbara Kux about her managerial and advisory roles in German businesses and has published the interview on LinkedIn.<\/p>\n\n\n\n<p><strong>Interview, 2022<\/strong><\/p>\n\n\n\n<div class=\"wp-block-buttons is-layout-flex wp-block-buttons-is-layout-flex\">\n<div class=\"wp-block-button is-style-outline is-style-outline--4\"><a class=\"wp-block-button__link has-text-color wp-element-button\" href=\"https:\/\/www.linkedin.com\/feed\/update\/urn:li:activity:6943488263256989696\/\" style=\"border-radius:5px;color:#40a680\" target=\"_blank\" rel=\"noreferrer noopener\">External link<\/a><\/div>\n<\/div>\n\n\n\n<hr class=\"wp-block-separator has-alpha-channel-opacity\"\/>\n\n\n\n<h3 class=\"wp-block-heading\">&#8220;Who is who&#8221; of Swiss board members (Bilanz)<\/h3>\n\n\n\n<p>Included in the list of ten most important board members of 2022 &#8220;Who is who der Schweizer Wirtschaft&#8221; in Swiss business magazine <em>Bilanz:<\/em> \u201cEarly in her career, Barbara Kux focused her work on the promising topic of sustainability&#8230; At fragrance giant Firmenich and consumer goods group Henkel, she holds mandates with a lot of reputation to this day.\u201d<\/p>\n\n\n\n<p><strong>Article and short profile, 2021<\/strong><\/p>\n\n\n\n<div class=\"wp-block-buttons is-layout-flex wp-block-buttons-is-layout-flex\">\n<div class=\"wp-block-button is-style-outline is-style-outline--5\"><a class=\"wp-block-button__link has-text-color wp-element-button\" href=\"https:\/\/www.handelszeitung.ch\/bilanz\/who-is-who-2022\/profi-vr\" style=\"border-radius:5px;color:#40a680\" target=\"_blank\" rel=\"noreferrer noopener\">External link<\/a><\/div>\n<\/div>\n\n\n\n<hr class=\"wp-block-separator has-css-opacity\"\/>\n\n\n\n<h3 class=\"wp-block-heading\">&#8220;Digitale Investitionen bleiben Erfolgsfaktor f\u00fcr Unternehmen&#8221; (FAZ)<\/h3>\n\n\n\n<p>A special supplement of the <em>Frankfurter Allgemeine Zeitung<\/em> asks Barbara Kux to describe the opportunities of digitalisation. Companies in Europe should open up fields such as artificial intelligence, robotics and 3D printing through joint projects. Networks are the best way to do this.<\/p>\n\n\n\n<p><strong>Article, 2021<\/strong><\/p>\n\n\n\n<div class=\"wp-block-buttons is-layout-flex wp-block-buttons-is-layout-flex\">\n<div class=\"wp-block-button is-style-outline is-style-outline--6\"><a class=\"wp-block-button__link has-text-color wp-element-button\" href=\"https:\/\/www.faz.net\/asv\/die-neue-realitaet-wie-unternehmen-erfolgskritische-zukunftsthemen-meistern\/die-neue-realitaet-wie-unternehmen-erfolgskritische-zukunftsthemen-meistern-17525107.html\" style=\"border-radius:5px;color:#40a680\" target=\"_blank\" rel=\"noreferrer noopener\">External link<\/a><\/div>\n<\/div>\n\n\n\n<hr class=\"wp-block-separator has-css-opacity\"\/>\n\n\n\n<h3 class=\"wp-block-heading\">&#8220;Sustainable economy, how does it work?&#8221; (SRF)<\/h3>\n\n\n\n<p>Swiss Radio and Television <em>SRF<\/em> \u201cTagesgespr\u00e4ch\u201d (topic of the day) with Marc Lehmann: &#8220;Nachhaltige Wirtschaft, wie geht das?&#8221; Since the economy temporarily paused in the pandemic, does this now offer the opportunity to rethink the growth model? More sustainability thanks to Corona?<\/p>\n\n\n\n<p><strong>Radio interview, 2021<\/strong><\/p>\n\n\n\n<div class=\"wp-block-buttons is-layout-flex wp-block-buttons-is-layout-flex\">\n<div class=\"wp-block-button is-style-outline is-style-outline--7\"><a class=\"wp-block-button__link has-text-color wp-element-button\" href=\"https:\/\/www.srf.ch\/audio\/tagesgespraech\/barbara-kux-nachhaltige-wirtschaft-wie-geht-das?id=12052485\" style=\"border-radius:5px;color:#40a680\" target=\"_blank\" rel=\"noreferrer noopener\">External link<\/a><\/div>\n<\/div>\n\n\n\n<div class=\"wp-block-buttons is-layout-flex wp-block-buttons-is-layout-flex\"><\/div>\n\n\n\n<hr class=\"wp-block-separator has-css-opacity\"\/>\n\n\n\n<h3 class=\"wp-block-heading\">&#8220;Auf zu neuen Ufern! Die Schweizer entdecken das Ferienland Schweiz.&#8221; (Hoffnungszeichen)<\/h3>\n\n\n\n<p>Barbara Kux comments on this headline from the <em>Sonntagszeitung<\/em> of 12 July 2020 in combination with the bible quote <em> See, I make everything new! <\/em>(Revelation 21,5b). The book <em>Hoffnungszeichen in Krisenzeiten<\/em> (Signs of hope in times of crisis) combines 50 headlines on the Corona crisis with appropriate biblical words that point far beyond the crisis. Edited by Andrea Marco Bianca and Katharina Hoby, the compendium will be published at the end of November 2020 by Reinhardt in Basel, ISBN 978-3-7245-2452-6.<\/p>\n\n\n\n<p><strong>Book contribution, 2020<\/strong><\/p>\n\n\n\n<div class=\"wp-block-buttons is-layout-flex wp-block-buttons-is-layout-flex\">\n<div class=\"wp-block-button is-style-outline is-style-outline--8\"><a class=\"wp-block-button__link has-text-color wp-element-button\" href=\"https:\/\/bkux.com\/wp-content\/uploads\/2020\/11\/Hoffnungszeichen-in-Krisenzeiten_Beitrag-Barbara-Kux.pdf\" style=\"border-radius:5px;color:#40a680\">PDF<\/a><\/div>\n<\/div>\n\n\n\n<hr class=\"wp-block-separator has-css-opacity\"\/>\n\n\n\n<h3 class=\"wp-block-heading\">&#8220;Den Kreislauf mit einem Pilotprojekt beginnen&#8221; (Neue Z\u00fcrcher Zeitung)<\/h3>\n\n\n\n<p>In a conversation with the <em>Neue Z\u00fcrcher Zeitung<\/em> on the occasion of the CE<sup>2<\/sup> conference in Interlaken, Barbara Kux calls for the principles of the circular economy to be applied\u2014reduce, reuse, recycle. If the initiative comes from the top of the company, this should be much easier to implement than expected. Giorgio v. M\u00fcller, &#8220;Den Kreislauf mit einem Pilotprojekt beginnen&#8221; [Initiating the cycle with a pilot project], <em>NZZ<\/em>, 18 September 2020, p. 19.<\/p>\n\n\n\n<p><strong>In conversation, 2020<\/strong><\/p>\n\n\n\n<div class=\"wp-block-buttons is-layout-flex wp-block-buttons-is-layout-flex\">\n<div class=\"wp-block-button is-style-outline is-style-outline--9\"><a class=\"wp-block-button__link has-text-color wp-element-button\" href=\"https:\/\/bkux.com\/wp-content\/uploads\/2020\/09\/Kreislauf-mit-Pilotprojekt-beginnen_NZZ-20200918-S19.pdf\" style=\"border-radius:5px;color:#40a680\" target=\"_blank\" rel=\"noreferrer noopener\">PDF<\/a><\/div>\n<\/div>\n\n\n\n<hr class=\"wp-block-separator has-css-opacity\"\/>\n\n\n\n<h3 class=\"wp-block-heading\">Mittagessen mit &#8230; Barbara Kux (Die Weltwoche)<\/h3>\n\n\n\n<p>Swiss weekly magazine <em>Die Weltwoche<\/em> portrays Barbara Kux as a champion of sustainability, who thinks that the Corona crisis can offer opportunities for the Swiss economy. Florian Schwab, &#8220;Mittagessen mit [Lunch with] \u2026 Barbara Kux&#8221;, <em>Die Weltwoche<\/em>, No. 37, 10 September 2020, p. 63.<\/p>\n\n\n\n<p><strong>Portrait<\/strong><\/p>\n\n\n\n<div class=\"wp-block-buttons is-layout-flex wp-block-buttons-is-layout-flex\">\n<div class=\"wp-block-button is-style-outline is-style-outline--10\"><a class=\"wp-block-button__link has-text-color wp-element-button\" href=\"https:\/\/bkux.com\/wp-content\/uploads\/2020\/09\/Die-Weltwoche-Nr.-37-10.-Sept.-2020-S.-63-Mittagessen-mit-Barbara-Kux.pdf\" style=\"border-radius:5px;color:#40a680\" target=\"_blank\" rel=\"noreferrer noopener\">PDF<\/a><\/div>\n<\/div>\n\n\n\n<hr class=\"wp-block-separator has-css-opacity\"\/>\n\n\n\n<div id=\"Navigatingthepandemic\" class=\"wp-block-group\"><div class=\"wp-block-group__inner-container is-layout-flow wp-block-group-is-layout-flow\">\n<div class=\"wp-block-group\"><div class=\"wp-block-group__inner-container is-layout-flow wp-block-group-is-layout-flow\">\n<div class=\"wp-block-group\"><div class=\"wp-block-group__inner-container is-layout-flow wp-block-group-is-layout-flow\">\n<div class=\"wp-block-group\"><div class=\"wp-block-group__inner-container is-layout-flow wp-block-group-is-layout-flow\">\n<h3 class=\"wp-block-heading\" id=\"navigatingthepandemic\">Navigating the Pandemic: View from the Supervisory Board (INSEAD)<\/h3>\n\n\n\n<p>Panelist for \u201cNavigating the Pandemic: View from the Supervisory Board\u201d. Barbara Kux in Zurich talks to INSEAD executive Katell Le Goulven and students in Fontainebleau. This webinar is part of a special online series, organised by the INSEAD Global Leaders Series Club.<\/p>\n<\/div><\/div>\n<\/div><\/div>\n<\/div><\/div>\n\n\n\n<p><strong>Webinar, 2020<\/strong><\/p>\n\n\n\n<div class=\"wp-block-buttons is-layout-flex wp-block-buttons-is-layout-flex\">\n<div class=\"wp-block-button is-style-outline is-style-outline--11\"><a class=\"wp-block-button__link has-text-color wp-element-button\" href=\"https:\/\/www.youtube.com\/watch?v=ifuICwfhWOw&amp;feature=youtu.be\" style=\"border-radius:5px;color:#40a680\" target=\"_blank\" rel=\"noreferrer noopener\">External link (video)<\/a><\/div>\n<\/div>\n<\/div><\/div>\n\n\n\n<hr class=\"wp-block-separator has-css-opacity\"\/>\n\n\n\n<div id=\"howthecfo\" class=\"wp-block-group\"><div class=\"wp-block-group__inner-container is-layout-flow wp-block-group-is-layout-flow\">\n<h3 class=\"wp-block-heading\" id=\"How-the-CFO-enables-the-board\u2019s-success\u2014during-COVID-19-and-beyond\">How the CFO enables the board\u2019s success\u2014during COVID-19 and beyond (McKinsey)<\/h3>\n\n\n\n<p>Barbara Kux and Rick Haythornthwaite in conversation with Vivian Hunt \u201cHow the CFO enables the board\u2019s success\u2014during COVID-19 and beyond\u201d, published 21 May 2020 on mckinsey.com<\/p>\n\n\n\n<p><strong>Conversation, 2020<\/strong><\/p>\n\n\n\n<div class=\"wp-block-buttons is-layout-flex wp-block-buttons-is-layout-flex\">\n<div class=\"wp-block-button is-style-outline is-style-outline--12\"><a class=\"wp-block-button__link has-text-color wp-element-button\" href=\"https:\/\/www.mckinsey.com\/business-functions\/strategy-and-corporate-finance\/our-insights\/how-the-cfo-enables-the-boards-success-during-covid-19-and-beyond\" style=\"border-radius:5px;color:#40a680\" target=\"_blank\" rel=\"noreferrer noopener\">External link<\/a><\/div>\n\n\n\n<div class=\"wp-block-button is-style-outline is-style-outline--13\"><a class=\"wp-block-button__link has-text-color wp-element-button\" href=\"\/en\/wp-content\/uploads\/sites\/2\/2020\/09\/20200521_How-the-CFO-enables-the-boards-success-during-COVID-19-and-beyond.pdf\" style=\"border-radius:5px;color:#40a680\" target=\"_blank\" rel=\"noreferrer noopener\">PDF<\/a><\/div>\n<\/div>\n<\/div><\/div>\n\n\n\n<hr class=\"wp-block-separator has-css-opacity\"\/>\n\n\n\n<div id=\"vongretalernen\" class=\"wp-block-group\"><div class=\"wp-block-group__inner-container is-layout-flow wp-block-group-is-layout-flow\">\n<h3 class=\"wp-block-heading\">Von Greta lernen (Handelsblatt)<\/h3>\n\n\n\n<p>Barbara Kux, \u201eVon Greta lernen\u201c [\u201cLearning from Greta\u201d],&nbsp;<em>Handelsblatt<\/em>, 20-22 December 2019, p. 88. In her opinion piece for the leading German business daily, the external director argues for giving sustainability more prominence on the agenda of company boards.<\/p>\n\n\n\n<p><strong><strong>Op ed, 2019<\/strong><\/strong><\/p>\n\n\n\n<div class=\"wp-block-buttons is-layout-flex wp-block-buttons-is-layout-flex\">\n<div class=\"wp-block-button is-style-outline is-style-outline--14\"><a class=\"wp-block-button__link has-text-color wp-element-button\" href=\"\/en\/wp-content\/uploads\/sites\/2\/2020\/09\/Von-Greta-lernen_Gastkommentar-Handelsblatt-20-Dez-2019-k.pdf\" style=\"border-radius:5px;color:#40a680\" target=\"_blank\" rel=\"noreferrer noopener\">PDF<\/a><\/div>\n<\/div>\n<\/div><\/div>\n\n\n\n<hr class=\"wp-block-separator has-css-opacity\"\/>\n\n\n\n<div class=\"wp-block-group\"><div class=\"wp-block-group__inner-container is-layout-flow wp-block-group-is-layout-flow\">\n<div id=\"thespark\" class=\"wp-block-group\"><div class=\"wp-block-group__inner-container is-layout-flow wp-block-group-is-layout-flow\">\n<div class=\"wp-block-group\"><div class=\"wp-block-group__inner-container is-layout-flow wp-block-group-is-layout-flow\">\n<div class=\"wp-block-group\"><div class=\"wp-block-group__inner-container is-layout-flow wp-block-group-is-layout-flow\">\n<h3 class=\"wp-block-heading\">The Spark (Handelsblatt)<\/h3>\n<\/div><\/div>\n<\/div><\/div>\n\n\n\n<div class=\"wp-block-group\"><div class=\"wp-block-group__inner-container is-layout-flow wp-block-group-is-layout-flow\">\n<p>At the German digital founders award &#8220;The Spark&#8221; Barbara Kux presented the Female Founder Award. She stands up for more female founders to create more innovation: &#8220;Preise sind ein guter Ansporn \u2013 das wei\u00df ich aus Erfahrung&#8221; [&#8220;Awards are a great encouragement \u2013 as I know from experience&#8221;], in:&nbsp;<em>Handelsblatt<\/em>, 21 November 2019.<\/p>\n<\/div><\/div>\n\n\n\n<p><strong>Interview, 2019<\/strong><\/p>\n\n\n\n<div class=\"wp-block-buttons is-layout-flex wp-block-buttons-is-layout-flex\">\n<div class=\"wp-block-button is-style-outline is-style-outline--15\"><a class=\"wp-block-button__link has-text-color wp-element-button\" href=\"https:\/\/www.handelsblatt.com\/technik\/thespark\/the-spark-award-multi-aufsichtsraetin-kux-preise-sind-ein-guter-ansporn-das-weiss-ich-aus-erfahrung-\/25254634.html?share=mail\" style=\"border-radius:5px;color:#40a680\" target=\"_blank\" rel=\"noreferrer noopener\">External link<\/a><\/div>\n<\/div>\n<\/div><\/div>\n<\/div><\/div>\n\n\n\n<hr class=\"wp-block-separator has-css-opacity\"\/>\n\n\n\n<h3 class=\"wp-block-heading\">Special Report Diversity Leaders (Financial Times)<\/h3>\n\n\n\n<p>Special Report Diversity Leaders, in:&nbsp;<em>Financial Times<\/em>, 20 November 2019. Barbara Kux encourages diversity: The special report, which the&nbsp;<em>Financial Times<\/em>&nbsp;published for the first time in 2019, quotes Barbara Kux regarding the situation in Switzerland. She says that it is not so much up to the government, but that companies should rather recognise themselves that diversity will lead them to success. Therefore she encourages women to acquire technical expertise as well as management skills. The&nbsp;<em>FT<\/em>&nbsp;ranking includes the 700 leading of 10,000 employers from ten European countries \u2013 according to diversity of gender, age, ethnicity, disability and sexual orientation.<\/p>\n\n\n\n<p><strong>Quotes, 2019<\/strong><\/p>\n\n\n\n<div class=\"wp-block-buttons is-layout-flex wp-block-buttons-is-layout-flex\">\n<div class=\"wp-block-button is-style-outline is-style-outline--16\"><a class=\"wp-block-button__link has-text-color wp-element-button\" href=\"https:\/\/www.ft.com\/content\/37972dea-09a6-11ea-bb52-34c8d9dc6d84\" style=\"border-radius:5px;color:#40a680\" target=\"_blank\" rel=\"noreferrer noopener\">External link to the article on Switzerland<\/a><\/div>\n\n\n\n<div class=\"wp-block-button is-style-outline is-style-outline--17\"><a class=\"wp-block-button__link has-text-color wp-element-button\" href=\"https:\/\/www.ft.com\/content\/bd1b4158-09a7-11ea-bb52-34c8d9dc6d84\" style=\"border-radius:5px;color:#40a680\" target=\"_blank\" rel=\"noreferrer noopener\">External link to the FT ranking<\/a><\/div>\n<\/div>\n\n\n\n<hr class=\"wp-block-separator has-css-opacity\"\/>\n\n\n\n<h3 class=\"wp-block-heading\">Unternehmenskultur und Nachhaltigkeit (swissVR Monitor)<\/h3>\n\n\n\n<p>Interview with Barbara Kux: &#8220;Corporate Culture and Sustainability&#8221;, in: &#8220;Corporate culture as a competitive advantage&#8221;, swissVR Monitor I\/2019, February 2019, pp. 14f.<\/p>\n\n\n\n<p><strong>Interview, 2019<\/strong><\/p>\n\n\n\n<div class=\"wp-block-buttons is-layout-flex wp-block-buttons-is-layout-flex\">\n<div class=\"wp-block-button is-style-outline is-style-outline--18\"><a class=\"wp-block-button__link has-text-color wp-element-button\" href=\"https:\/\/www2.deloitte.com\/ch\/en\/pages\/audit\/articles\/board-survey.html\" style=\"border-radius:5px;color:#40a680\" target=\"_blank\" rel=\"noreferrer noopener\">External link with publication download option<\/a><\/div>\n<\/div>\n\n\n\n<hr class=\"wp-block-separator has-css-opacity\"\/>\n\n\n\n<h3 class=\"wp-block-heading\">Was macht bloss Barbara Kux? (Bilanz Schweiz)<\/h3>\n\n\n\n<p>&#8220;Was macht bloss Barbara Kux?&#8221;, in:&nbsp;<em>Bilanz Schweiz<\/em>, July 2017, p. 18.<\/p>\n\n\n\n<p><strong>Short profile, 2017<\/strong><\/p>\n\n\n\n<div class=\"wp-block-buttons is-layout-flex wp-block-buttons-is-layout-flex\">\n<div class=\"wp-block-button is-style-outline is-style-outline--19\"><a class=\"wp-block-button__link has-text-color wp-element-button\" href=\"\/en\/wp-content\/uploads\/sites\/2\/2020\/09\/Bilanz-Schweiz-Juli-2017-S-18.pdf\" style=\"border-radius:5px;color:#40a680\" target=\"_blank\" rel=\"noreferrer noopener\">PDF<\/a><\/div>\n<\/div>\n\n\n\n<hr class=\"wp-block-separator has-css-opacity\"\/>\n\n\n\n<h3 class=\"wp-block-heading\">Wie geht&#8217;s eigentlich Barbara Kux? (Bilanz)<\/h3>\n\n\n\n<p>&#8220;Wie geht&#8217;s eigentlich Barbara Kux?&#8221;, in:&nbsp;<em>Bilanz<\/em>, 31 March 2017, p. 26, quotes her wish to pass on her knowledge and experience and to devote herself to a sustainable future.<\/p>\n\n\n\n<p><strong>Short profile, 2017<\/strong><\/p>\n\n\n\n<div class=\"wp-block-buttons is-layout-flex wp-block-buttons-is-layout-flex\">\n<div class=\"wp-block-button is-style-outline is-style-outline--20\"><a class=\"wp-block-button__link has-text-color wp-element-button\" href=\"https:\/\/www.welt.de\/wirtschaft\/bilanz\/article163392218\/Das-wuenscht-sich-Barbara-Kux-fuer-ihr-weiteres-Wirken.html\" style=\"border-radius:5px;color:#40a680\" target=\"_blank\" rel=\"noreferrer noopener\">External link<\/a><\/div>\n<\/div>\n\n\n\n<hr class=\"wp-block-separator has-css-opacity\"\/>\n\n\n\n<h3 class=\"wp-block-heading\">Frauen m\u00fcssen wollen! (Blick)<\/h3>\n\n\n\n<p>Barbara Kux on careers of women, quotas and qualifications: &#8220;Frauen m\u00fcssen wollen!&#8221;, in:&nbsp;<em>Blick<\/em>, 7 March 2017.<\/p>\n\n\n\n<p><strong><strong>Interview on the occasion of the International Women&#8217;s Day 2017<\/strong><\/strong><\/p>\n\n\n\n<div class=\"wp-block-buttons is-layout-flex wp-block-buttons-is-layout-flex\">\n<div class=\"wp-block-button is-style-outline is-style-outline--21\"><a class=\"wp-block-button__link has-text-color wp-element-button\" href=\"https:\/\/www.blick.ch\/news\/wirtschaft\/barbara-kux-ueber-karrieren-von-frauen-quoten-und-qualifikationen-frauen-muessen-wollen-id6333485.html#community_article_comments_default_6333485\" style=\"border-radius:5px;color:#40a680\" target=\"_blank\" rel=\"noreferrer noopener\">External link<\/a><\/div>\n<\/div>\n\n\n\n<hr class=\"wp-block-separator has-css-opacity\"\/>\n\n\n\n<h3 class=\"wp-block-heading\">Europa Forum Luzern: Vier Fragen an Barbara Kux (moneycab)<\/h3>\n\n\n\n<p>Interview: &#8220;Europa Forum Luzern: Vier Fragen an Barbara Kux&#8221;<\/p>\n\n\n\n<p><strong>Preparing the Forum in May, 28 February 2017<\/strong><\/p>\n\n\n\n<div class=\"wp-block-buttons is-layout-flex wp-block-buttons-is-layout-flex\">\n<div class=\"wp-block-button is-style-outline is-style-outline--22\"><a class=\"wp-block-button__link has-text-color wp-element-button\" href=\"http:\/\/www.moneycab.com\/2017\/02\/27\/europa-forum-luzern-vier-fragen-an-barbara-kux\/\" style=\"border-radius:5px;color:#40a680\" target=\"_blank\" rel=\"noreferrer noopener\">External link<\/a><\/div>\n<\/div>\n\n\n\n<hr class=\"wp-block-separator has-css-opacity\"\/>\n\n\n\n<h3 class=\"wp-block-heading\">Barbara Kux appointed to new high-level EU panel on decarbonisation (McKinsey)<\/h3>\n\n\n\n<p>McKinsey Alumni Center, &#8220;Barbara Kux appointed to new high-level EU panel on decarbonisation&#8221;<\/p>\n\n\n\n<p><strong>News about McK alumni, 1 November 2017<\/strong><\/p>\n\n\n\n<div class=\"wp-block-buttons is-layout-flex wp-block-buttons-is-layout-flex\">\n<div class=\"wp-block-button is-style-outline is-style-outline--23\"><a class=\"wp-block-button__link has-text-color wp-element-button\" href=\"https:\/\/www.mckinsey.com\/alumni\" style=\"border-radius:5px;color:#40a680\" target=\"_blank\" rel=\"noreferrer noopener\">External link<\/a><\/div>\n<\/div>\n\n\n\n<hr class=\"wp-block-separator has-css-opacity\"\/>\n\n\n\n<h3 class=\"wp-block-heading\">Greening Siemens (INSEAD)<\/h3>\n\n\n\n<p>Interview with Barbara Kux, &#8220;Greening Siemens&#8217; Supply Chain&#8221;, INSEAD, 29 January 2015<\/p>\n\n\n\n<p><strong>Video interview, 29 January 2015<\/strong><\/p>\n\n\n\n<div class=\"wp-block-buttons is-layout-flex wp-block-buttons-is-layout-flex\">\n<div class=\"wp-block-button is-style-outline is-style-outline--24\"><a class=\"wp-block-button__link has-text-color wp-element-button\" href=\"https:\/\/www.youtube.com\/watch?v=5kaW3vm2QZ0&amp;list=UU9aeQQ-NqjHS3nfiod2PMSA\" style=\"border-radius:5px;color:#40a680\" target=\"_blank\" rel=\"noreferrer noopener\">External link<\/a><\/div>\n<\/div>\n\n\n\n<hr class=\"wp-block-separator has-css-opacity\"\/>\n\n\n\n<h3 class=\"wp-block-heading\">Der Blick aus dem Hubschrauber: die Dinge ganzheitlich betrachten (Arnold, The best advice)<\/h3>\n\n\n\n<p>Barbara Kux, \u201eDer Blick aus dem Hubschrauber: die Dinge ganzheitlich betrachten\u201c [The view from the helicopter: looking at things in a holistic way], in: Frank Arnold,&nbsp;<em>Der beste Rat, den ich je bekam<\/em>, [The best advice, I ever got] Carl Hanser Verlag, 2014.<\/p>\n\n\n\n<p><strong>Book contribution, 2014<\/strong><\/p>\n\n\n\n<div class=\"wp-block-buttons is-layout-flex wp-block-buttons-is-layout-flex\">\n<div class=\"wp-block-button is-style-outline is-style-outline--25\"><a class=\"wp-block-button__link has-text-color wp-element-button\" href=\"\/en\/wp-content\/uploads\/sites\/2\/2020\/09\/Buchbeitrag-Der-beste-Rat.pdf\" style=\"border-radius:5px;color:#40a680\" target=\"_blank\" rel=\"noreferrer noopener\">PDF<\/a><\/div>\n<\/div>\n\n\n\n<hr class=\"wp-block-separator has-css-opacity\"\/>\n\n\n\n<h3 class=\"wp-block-heading\">Die Technik rettet die Welt (Globalance Footprint Yearbook 2013)<\/h3>\n\n\n\n<p>A conversation with Barbara Kux, &#8220;Die Technik rettet die Welt&#8221; [Technology saves the world], in:&nbsp;<em>Globalance Footprint Yearbook 2013<\/em><\/p>\n\n\n\n<p><strong>Article, 2013<\/strong><\/p>\n\n\n\n<div class=\"wp-block-buttons is-layout-flex wp-block-buttons-is-layout-flex\">\n<div class=\"wp-block-button is-style-outline is-style-outline--26\"><a class=\"wp-block-button__link has-text-color wp-element-button\" href=\"\/en\/wp-content\/uploads\/sites\/2\/2020\/09\/Globalance-Jahrbuch-2013_Barbara-Kux-inkl-titelseite-und-discl.pdf\" style=\"border-radius:5px;color:#40a680\" target=\"_blank\" rel=\"noreferrer noopener\">PDF<\/a><\/div>\n<\/div>\n\n\n\n<hr class=\"wp-block-separator has-css-opacity\"\/>\n\n\n\n<h3 class=\"wp-block-heading\">Harnessing the power of the network to deliver results (SCM World)<\/h3>\n\n\n\n<p>C-level interview with Barbara Kux, &#8220;Harnessing the power of the network to deliver results&#8221;, in:&nbsp;<em>SCM World<\/em>, 2013.<\/p>\n\n\n\n<p><strong>Interview, 2013<\/strong><\/p>\n\n\n\n<div class=\"wp-block-buttons is-layout-flex wp-block-buttons-is-layout-flex\">\n<div class=\"wp-block-button is-style-outline is-style-outline--27\"><a class=\"wp-block-button__link has-text-color wp-element-button\" href=\"\/en\/wp-content\/uploads\/sites\/2\/2020\/09\/Barbara-Kux1.pdf\" style=\"border-radius:5px;color:#40a680\" target=\"_blank\" rel=\"noreferrer noopener\">PDF<\/a><\/div>\n<\/div>\n\n\n\n<hr class=\"wp-block-separator has-css-opacity\"\/>\n\n\n\n<h3 class=\"wp-block-heading\">Was bedeutet Freiheit? (Speech)<\/h3>\n\n\n\n<p>Barbara Kux, \u201eWas bedeutet Freiheit?\u201c [What is freedom?], Speech on the occasion of the 125th anniversary of the free grammar school of Zurich, Freies Gymnasiums Z\u00fcrich.<\/p>\n\n\n\n<p><strong>Speech, 5. April 2013<\/strong><\/p>\n\n\n\n<div class=\"wp-block-buttons is-layout-flex wp-block-buttons-is-layout-flex\">\n<div class=\"wp-block-button is-style-outline is-style-outline--28\"><a class=\"wp-block-button__link has-text-color wp-element-button\" href=\"\/en\/wp-content\/uploads\/sites\/2\/2020\/09\/FGZ-Rede-125-Jahre-FGZ_5-4-2013_final.pdf\" style=\"border-radius:5px;color:#40a680\" target=\"_blank\" rel=\"noreferrer noopener\">PDF<\/a><\/div>\n<\/div>\n\n\n\n<hr class=\"wp-block-separator has-css-opacity\"\/>\n\n\n\n<h3 class=\"wp-block-heading\">Sustainability at Siemens (Harvard Business School Case)<\/h3>\n\n\n\n<p>V. Kasturi Rangan, Amy C. Edmondson, Daniela Beyersdorfer, and Emer Moloney, &#8220;Sustainability at Siemens&#8221;, Harvard Business School Case 514-026, August 2013. (Revised October 2013.)<\/p>\n\n\n\n<p><strong>Harvard Case Study, 2013<\/strong><\/p>\n\n\n\n<div class=\"wp-block-buttons is-layout-flex wp-block-buttons-is-layout-flex\">\n<div class=\"wp-block-button is-style-outline is-style-outline--29\"><a class=\"wp-block-button__link has-text-color wp-element-button\" href=\"http:\/\/www.hbs.edu\/faculty\/Pages\/item.aspx?num=45556\" style=\"border-radius:5px;color:#40a680\" target=\"_blank\" rel=\"noreferrer noopener\">External link<\/a><\/div>\n<\/div>\n\n\n\n<hr class=\"wp-block-separator has-css-opacity\"\/>\n\n\n\n<h3 class=\"wp-block-heading\">The smart net (Book contribution)<\/h3>\n\n\n\n<p>Barbara Kux, \u201eDas smarte Netz\u201c [The smart net], in: Peter W. Engelmeier (Hg.),&nbsp;<em>Das Buch von der Zukunft\/The book of the future<\/em>, Gruner und Jahr, 2013.<\/p>\n\n\n\n<p><strong><strong>Book contribution<\/strong>, 2013<\/strong><\/p>\n\n\n\n<hr class=\"wp-block-separator has-css-opacity\"\/>\n\n\n\n<h3 class=\"wp-block-heading\">Standpunkte: Nachhaltigkeit der unternehmerischen Chance (NZZ TV)<\/h3>\n\n\n\n<p>Interview with Barbara Kux, \u201eStandpunkte: Nachhaltigkeit der unternehmerischen Chance\u201c, [Points of view: sustainability of the entrepreneurial opportunity] NZZ TV, 2012.<\/p>\n\n\n\n<p><strong>TV interview, 2012<\/strong><\/p>\n\n\n\n<div class=\"wp-block-buttons is-layout-flex wp-block-buttons-is-layout-flex\">\n<div class=\"wp-block-button is-style-outline is-style-outline--30\"><a class=\"wp-block-button__link has-text-color wp-element-button\" href=\"https:\/\/www.srf.ch\/play\/tv\/nzz-standpunkte\/video\/barbara-kux-nachhaltigkeit-als-unternehmerische-chance?id=b4103b21-b76c-48d6-9288-a2e6be653850\" style=\"border-radius:5px;color:#40a680\" target=\"_blank\" rel=\"noreferrer noopener\">External link<\/a><\/div>\n<\/div>\n\n\n\n<hr class=\"wp-block-separator has-css-opacity\"\/>\n\n\n\n<h3 class=\"wp-block-heading\">Need for Collaborative Leadership (INSEAD)<\/h3>\n\n\n\n<p>Professor Subramanian Rangan, &#8220;Building Cost Competitiveness at the New Philips: the Need for Collaborative Leadership&#8221;, INSEAD Case Study, 2008.<\/p>\n\n\n\n<p><strong>INSEAD Case Study, 2008<\/strong><\/p>\n\n\n\n<hr class=\"wp-block-separator has-css-opacity\"\/>\n\n\n\n<h3 class=\"wp-block-heading\">Supply Management that Leverages Scale and Agility (Massachusetts Institute of Technology)<\/h3>\n\n\n\n<p>Ken Cottrill, &#8220;Supply Management that Leverages Scale and Agility&#8221;, in:&nbsp;<em>Massachusetts Institute of Technology<\/em>, Vol. II, No. 5, May 2006.<\/p>\n\n\n\n<p><strong>MIT, 2006<\/strong><\/p>\n\n\n\n<hr class=\"wp-block-separator has-alpha-channel-opacity\"\/>\n\n\n\n<h3 class=\"wp-block-heading\" id=\"New-Research-Paradigm\">Barbara Kux: Influencing the board at Philips<\/h3>\n\n\n\n<p>Geraint John, &#8220;Elevated to the C-suite&#8221;, with a profile of Barbara Kux, in: <em>CPO Agenda<\/em>, Spring 2002.<\/p>\n\n\n\n<p><strong>Short portrait, 2005<\/strong><\/p>\n\n\n\n<div class=\"wp-block-buttons is-layout-flex wp-block-buttons-is-layout-flex\">\n<div class=\"wp-block-button is-style-outline is-style-outline--31\"><a class=\"wp-block-button__link has-text-color wp-element-button\" href=\"https:\/\/bkux.com\/wp-content\/uploads\/2025\/10\/Rise-of-CPO.pdf\" style=\"border-radius:5px;color:#40a680\" target=\"_blank\" rel=\"noreferrer noopener\">PDF<\/a><\/div>\n<\/div>\n\n\n\n<hr class=\"wp-block-separator has-css-opacity\"\/>\n\n\n\n<h3 class=\"wp-block-heading\">Universities and Open Innovation: a New Research Paradigm (Book contribution)<\/h3>\n\n\n\n<p>Barbara Kux, &#8220;Universities and Open Innovation: a New Research Paradigm&#8221;, in: J\u00fcrg Dual und Nicole Schwyzer (Hg),&nbsp;<em>Essays 2030: Visionen f\u00fcr die Zukunft der ETH Z\u00fcrich<\/em>, Neue Z\u00fcrcher Zeitung NZZ libro, 2005.<\/p>\n\n\n\n<p><strong><strong>Book contribution<\/strong>, 2005<\/strong><\/p>\n\n\n\n<hr class=\"wp-block-separator has-css-opacity\"\/>\n\n\n\n<h3 class=\"wp-block-heading\">Barbara Kux: Changing Europe One Manager at a Time (Fast Company)<\/h3>\n\n\n\n<p>William Taylor, \u201cBarbara Kux: Changing Europe One Manager at a Time\u201d, in:&nbsp;<em>Fast Company<\/em>, October 31, 1993.<\/p>\n\n\n\n<p><strong>Portrait, 1993<\/strong><\/p>\n\n\n\n<div class=\"wp-block-buttons is-layout-flex wp-block-buttons-is-layout-flex\">\n<div class=\"wp-block-button is-style-outline is-style-outline--32\"><a class=\"wp-block-button__link has-text-color wp-element-button\" href=\"https:\/\/www.fastcompany.com\/55051\/barbara-kux\" style=\"border-radius:5px;color:#40a680\" target=\"_blank\" rel=\"noreferrer noopener\">External link<\/a><\/div>\n<\/div>\n\n\n\n<hr class=\"wp-block-separator has-css-opacity\"\/>\n\n\n\n<h3 class=\"wp-block-heading\">Technology Cooperation through Joint Ventures (Massachusetts Institute of Technology)<\/h3>\n\n\n\n<p>Stephan Schmidheiny, &#8220;Technology Cooperation through Joint Ventures&#8221; [a case study on ABB Zamech, under the management of Barbara Kux], in: idem,&nbsp;<em>Changing Course, A Global Business Perspective on Development and the Environment<\/em>, Massachusetts Institute of Technology, 1992.<\/p>\n\n\n\n<p><strong>MIT Case Study, 1992<\/strong><\/p>\n","protected":false},"excerpt":{"rendered":"<p>Here is a selection of publications by, with, or about Barbara Kux, in chronological order, in English or German. Some of them are click to download, others are linked. \u201cBoard leadership in the eye of the storm\u201c (KPMG Switzerland) How are artificial intelligence, sustainability and diversity influencing corporate governance? Interview by Professor Dr. Reto Eberle, [&hellip;]<\/p>\n","protected":false},"author":1,"featured_media":1315,"parent":0,"menu_order":0,"comment_status":"closed","ping_status":"closed","template":"","meta":{"footnotes":""},"class_list":["post-43","page","type-page","status-publish","has-post-thumbnail","czr-hentry"],"yoast_head":"<!-- This site is optimized with the Yoast SEO plugin v27.5 - https:\/\/yoast.com\/product\/yoast-seo-wordpress\/ -->\n<title>Publications - Barbara Kux<\/title>\n<meta name=\"description\" content=\"Publications about, with or by Barbara Kux \u2013 experienced top manager, board member and coach. Read more about Barbara Kux.\" \/>\n<meta name=\"robots\" content=\"index, follow, max-snippet:-1, max-image-preview:large, max-video-preview:-1\" \/>\n<link rel=\"canonical\" href=\"https:\/\/bkux.com\/en\/publications\/\" \/>\n<meta property=\"og:locale\" content=\"en_US\" \/>\n<meta property=\"og:type\" content=\"article\" \/>\n<meta property=\"og:title\" content=\"Publications - Barbara Kux\" \/>\n<meta property=\"og:description\" content=\"Publications about, with or by Barbara Kux \u2013 experienced top manager, board member and coach. Read more about Barbara Kux.\" \/>\n<meta property=\"og:url\" content=\"https:\/\/bkux.com\/en\/publications\/\" \/>\n<meta property=\"og:site_name\" content=\"Barbara Kux\" \/>\n<meta property=\"article:modified_time\" content=\"2025-10-22T17:32:37+00:00\" \/>\n<meta property=\"og:image\" content=\"https:\/\/bkux.com\/en\/wp-content\/uploads\/sites\/2\/2020\/07\/barbara-kux_coaching4vision.jpg\" \/>\n\t<meta property=\"og:image:width\" content=\"980\" \/>\n\t<meta property=\"og:image:height\" content=\"380\" \/>\n\t<meta property=\"og:image:type\" content=\"image\/jpeg\" \/>\n<meta name=\"twitter:card\" content=\"summary_large_image\" \/>\n<meta name=\"twitter:label1\" content=\"Est. reading time\" \/>\n\t<meta name=\"twitter:data1\" content=\"8 minutes\" \/>\n<script type=\"application\/ld+json\" class=\"yoast-schema-graph\">{\"@context\":\"https:\\\/\\\/schema.org\",\"@graph\":[{\"@type\":\"WebPage\",\"@id\":\"https:\\\/\\\/bkux.com\\\/en\\\/publications\\\/\",\"url\":\"https:\\\/\\\/bkux.com\\\/en\\\/publications\\\/\",\"name\":\"Publications - Barbara Kux\",\"isPartOf\":{\"@id\":\"https:\\\/\\\/bkux.com\\\/en\\\/#website\"},\"primaryImageOfPage\":{\"@id\":\"https:\\\/\\\/bkux.com\\\/en\\\/publications\\\/#primaryimage\"},\"image\":{\"@id\":\"https:\\\/\\\/bkux.com\\\/en\\\/publications\\\/#primaryimage\"},\"thumbnailUrl\":\"https:\\\/\\\/bkux.com\\\/en\\\/wp-content\\\/uploads\\\/sites\\\/2\\\/2020\\\/07\\\/barbara-kux_coaching4vision.jpg\",\"datePublished\":\"2020-07-16T12:59:00+00:00\",\"dateModified\":\"2025-10-22T17:32:37+00:00\",\"description\":\"Publications about, with or by Barbara Kux \u2013 experienced top manager, board member and coach. Read more about Barbara Kux.\",\"breadcrumb\":{\"@id\":\"https:\\\/\\\/bkux.com\\\/en\\\/publications\\\/#breadcrumb\"},\"inLanguage\":\"en-US\",\"potentialAction\":[{\"@type\":\"ReadAction\",\"target\":[\"https:\\\/\\\/bkux.com\\\/en\\\/publications\\\/\"]}]},{\"@type\":\"ImageObject\",\"inLanguage\":\"en-US\",\"@id\":\"https:\\\/\\\/bkux.com\\\/en\\\/publications\\\/#primaryimage\",\"url\":\"https:\\\/\\\/bkux.com\\\/en\\\/wp-content\\\/uploads\\\/sites\\\/2\\\/2020\\\/07\\\/barbara-kux_coaching4vision.jpg\",\"contentUrl\":\"https:\\\/\\\/bkux.com\\\/en\\\/wp-content\\\/uploads\\\/sites\\\/2\\\/2020\\\/07\\\/barbara-kux_coaching4vision.jpg\",\"width\":980,\"height\":380,\"caption\":\"Coaching4Vision\"},{\"@type\":\"BreadcrumbList\",\"@id\":\"https:\\\/\\\/bkux.com\\\/en\\\/publications\\\/#breadcrumb\",\"itemListElement\":[{\"@type\":\"ListItem\",\"position\":1,\"name\":\"Startseite\",\"item\":\"https:\\\/\\\/bkux.com\\\/en\\\/\"},{\"@type\":\"ListItem\",\"position\":2,\"name\":\"Publications\"}]},{\"@type\":\"WebSite\",\"@id\":\"https:\\\/\\\/bkux.com\\\/en\\\/#website\",\"url\":\"https:\\\/\\\/bkux.com\\\/en\\\/\",\"name\":\"Barbara Kux\",\"description\":\"\",\"publisher\":{\"@id\":\"https:\\\/\\\/bkux.com\\\/en\\\/#organization\"},\"potentialAction\":[{\"@type\":\"SearchAction\",\"target\":{\"@type\":\"EntryPoint\",\"urlTemplate\":\"https:\\\/\\\/bkux.com\\\/en\\\/?s={search_term_string}\"},\"query-input\":{\"@type\":\"PropertyValueSpecification\",\"valueRequired\":true,\"valueName\":\"search_term_string\"}}],\"inLanguage\":\"en-US\"},{\"@type\":\"Organization\",\"@id\":\"https:\\\/\\\/bkux.com\\\/en\\\/#organization\",\"name\":\"Barbara Kux\",\"url\":\"https:\\\/\\\/bkux.com\\\/en\\\/\",\"logo\":{\"@type\":\"ImageObject\",\"inLanguage\":\"en-US\",\"@id\":\"https:\\\/\\\/bkux.com\\\/en\\\/#\\\/schema\\\/logo\\\/image\\\/\",\"url\":\"https:\\\/\\\/bkux.com\\\/en\\\/wp-content\\\/uploads\\\/sites\\\/2\\\/2020\\\/07\\\/cropped-barbara-kux_logo@2x-1.png\",\"contentUrl\":\"https:\\\/\\\/bkux.com\\\/en\\\/wp-content\\\/uploads\\\/sites\\\/2\\\/2020\\\/07\\\/cropped-barbara-kux_logo@2x-1.png\",\"width\":438,\"height\":58,\"caption\":\"Barbara Kux\"},\"image\":{\"@id\":\"https:\\\/\\\/bkux.com\\\/en\\\/#\\\/schema\\\/logo\\\/image\\\/\"}}]}<\/script>\n<!-- \/ Yoast SEO plugin. -->","yoast_head_json":{"title":"Publications - Barbara Kux","description":"Publications about, with or by Barbara Kux \u2013 experienced top manager, board member and coach. Read more about Barbara Kux.","robots":{"index":"index","follow":"follow","max-snippet":"max-snippet:-1","max-image-preview":"max-image-preview:large","max-video-preview":"max-video-preview:-1"},"canonical":"https:\/\/bkux.com\/en\/publications\/","og_locale":"en_US","og_type":"article","og_title":"Publications - Barbara Kux","og_description":"Publications about, with or by Barbara Kux \u2013 experienced top manager, board member and coach. Read more about Barbara Kux.","og_url":"https:\/\/bkux.com\/en\/publications\/","og_site_name":"Barbara Kux","article_modified_time":"2025-10-22T17:32:37+00:00","og_image":[{"width":980,"height":380,"url":"https:\/\/bkux.com\/en\/wp-content\/uploads\/sites\/2\/2020\/07\/barbara-kux_coaching4vision.jpg","type":"image\/jpeg"}],"twitter_card":"summary_large_image","twitter_misc":{"Est. reading time":"8 minutes"},"schema":{"@context":"https:\/\/schema.org","@graph":[{"@type":"WebPage","@id":"https:\/\/bkux.com\/en\/publications\/","url":"https:\/\/bkux.com\/en\/publications\/","name":"Publications - Barbara Kux","isPartOf":{"@id":"https:\/\/bkux.com\/en\/#website"},"primaryImageOfPage":{"@id":"https:\/\/bkux.com\/en\/publications\/#primaryimage"},"image":{"@id":"https:\/\/bkux.com\/en\/publications\/#primaryimage"},"thumbnailUrl":"https:\/\/bkux.com\/en\/wp-content\/uploads\/sites\/2\/2020\/07\/barbara-kux_coaching4vision.jpg","datePublished":"2020-07-16T12:59:00+00:00","dateModified":"2025-10-22T17:32:37+00:00","description":"Publications about, with or by Barbara Kux \u2013 experienced top manager, board member and coach. Read more about Barbara Kux.","breadcrumb":{"@id":"https:\/\/bkux.com\/en\/publications\/#breadcrumb"},"inLanguage":"en-US","potentialAction":[{"@type":"ReadAction","target":["https:\/\/bkux.com\/en\/publications\/"]}]},{"@type":"ImageObject","inLanguage":"en-US","@id":"https:\/\/bkux.com\/en\/publications\/#primaryimage","url":"https:\/\/bkux.com\/en\/wp-content\/uploads\/sites\/2\/2020\/07\/barbara-kux_coaching4vision.jpg","contentUrl":"https:\/\/bkux.com\/en\/wp-content\/uploads\/sites\/2\/2020\/07\/barbara-kux_coaching4vision.jpg","width":980,"height":380,"caption":"Coaching4Vision"},{"@type":"BreadcrumbList","@id":"https:\/\/bkux.com\/en\/publications\/#breadcrumb","itemListElement":[{"@type":"ListItem","position":1,"name":"Startseite","item":"https:\/\/bkux.com\/en\/"},{"@type":"ListItem","position":2,"name":"Publications"}]},{"@type":"WebSite","@id":"https:\/\/bkux.com\/en\/#website","url":"https:\/\/bkux.com\/en\/","name":"Barbara Kux","description":"","publisher":{"@id":"https:\/\/bkux.com\/en\/#organization"},"potentialAction":[{"@type":"SearchAction","target":{"@type":"EntryPoint","urlTemplate":"https:\/\/bkux.com\/en\/?s={search_term_string}"},"query-input":{"@type":"PropertyValueSpecification","valueRequired":true,"valueName":"search_term_string"}}],"inLanguage":"en-US"},{"@type":"Organization","@id":"https:\/\/bkux.com\/en\/#organization","name":"Barbara Kux","url":"https:\/\/bkux.com\/en\/","logo":{"@type":"ImageObject","inLanguage":"en-US","@id":"https:\/\/bkux.com\/en\/#\/schema\/logo\/image\/","url":"https:\/\/bkux.com\/en\/wp-content\/uploads\/sites\/2\/2020\/07\/cropped-barbara-kux_logo@2x-1.png","contentUrl":"https:\/\/bkux.com\/en\/wp-content\/uploads\/sites\/2\/2020\/07\/cropped-barbara-kux_logo@2x-1.png","width":438,"height":58,"caption":"Barbara Kux"},"image":{"@id":"https:\/\/bkux.com\/en\/#\/schema\/logo\/image\/"}}]}},"_links":{"self":[{"href":"https:\/\/bkux.com\/en\/wp-json\/wp\/v2\/pages\/43","targetHints":{"allow":["GET"]}}],"collection":[{"href":"https:\/\/bkux.com\/en\/wp-json\/wp\/v2\/pages"}],"about":[{"href":"https:\/\/bkux.com\/en\/wp-json\/wp\/v2\/types\/page"}],"author":[{"embeddable":true,"href":"https:\/\/bkux.com\/en\/wp-json\/wp\/v2\/users\/1"}],"replies":[{"embeddable":true,"href":"https:\/\/bkux.com\/en\/wp-json\/wp\/v2\/comments?post=43"}],"version-history":[{"count":49,"href":"https:\/\/bkux.com\/en\/wp-json\/wp\/v2\/pages\/43\/revisions"}],"predecessor-version":[{"id":1867,"href":"https:\/\/bkux.com\/en\/wp-json\/wp\/v2\/pages\/43\/revisions\/1867"}],"wp:featuredmedia":[{"embeddable":true,"href":"https:\/\/bkux.com\/en\/wp-json\/wp\/v2\/media\/1315"}],"wp:attachment":[{"href":"https:\/\/bkux.com\/en\/wp-json\/wp\/v2\/media?parent=43"}],"curies":[{"name":"wp","href":"https:\/\/api.w.org\/{rel}","templated":true}]}}